{"id":90,"date":"2019-12-14T13:22:00","date_gmt":"2019-12-14T13:22:00","guid":{"rendered":"https:\/\/the7.io\/basic-business\/?page_id=90"},"modified":"2023-05-16T13:05:21","modified_gmt":"2023-05-16T11:05:21","slug":"ciudad-amable-y-segura-para-las-personas","status":"publish","type":"page","link":"https:\/\/miguelcomino.cat\/es\/programa\/ciudad-amable-y-segura-para-las-personas\/","title":{"rendered":"Ciudad amable y segura, para las personas"},"content":{"rendered":"<div class=\"wpb-content-wrapper\"><p>[vc_row full_width=\u00bbstretch_row\u00bb gap=\u00bb30&#8243; full_height=\u00bbyes\u00bb equal_height=\u00bbyes\u00bb css=\u00bb.vc_custom_1676849618948{margin-top: 60px !important;}\u00bb][vc_column width=\u00bb1\/2&#8243; offset=\u00bbvc_col-lg-6 vc_col-md-6 vc_col-xs-12&#8243; css=\u00bb.vc_custom_1579947684213{padding-bottom: 30px !important;}\u00bb]<div id=\"ultimate-heading-787569f380ff95a0f\" class=\"uvc-heading ult-adjust-bottom-margin ultimate-heading-787569f380ff95a0f uvc-4303 accent-border-color\" data-hspacer=\"line_only\"  data-halign=\"left\" style=\"text-align:left\"><div class=\"uvc-main-heading ult-responsive\"  data-ultimate-target='.uvc-heading.ultimate-heading-787569f380ff95a0f h2'  data-responsive-json-new='{\"font-size\":\"mobile_landscape:24px;\",\"line-height\":\"mobile_landscape:34px;\"}' ><h2 style=\"font-weight:bold;margin-bottom:15px;\">Ciudad amable y segura, para las personas<\/h2><\/div><div class=\"uvc-heading-spacer line_only\" style=\"margin-bottom:30px;height:3px;\"><span class=\"uvc-headings-line\" style=\"border-style:solid;border-bottom-width:3px;border-color:;width:150px;\"><\/span><\/div><\/div>[vc_column_text css=\u00bb.vc_custom_1684235118794{padding-bottom: 25px !important;}\u00bb]<\/p>\n<ol>\n<li>Ejecutar el plan de asfaltado de calles y de mejora de la accesibilidad en la v\u00eda p\u00fablica con aplicaci\u00f3n en todos los barrios de Sant Vicen\u00e7<\/li>\n<li>Reurbanizaci\u00f3n de las calles Montjuic y Coru\u00f1a<\/li>\n<li>Redactar el proyecto ejecutivo para trasladar la sede de la Polic\u00eda Local a la mas\u00eda de Can Coll<\/li>\n<li>Fortalecer la plantilla de la Polic\u00eda Local y consolidar el modelo de polic\u00eda de proximidad<\/li>\n<li>Redacci\u00f3n de la ordenanza reguladora para veh\u00edculos de movilidad personal<\/li>\n<li>Instalaci\u00f3n de c\u00e1maras de seguridad en algunos puntos del municipio<\/li>\n<li>Redise\u00f1ar las l\u00edneas y horarios del bus urbano<\/li>\n<li>Paso soterrado para peatones en la calle Puigmal, conectando Can Ros y Sant Josep a la altura del Pabell\u00f3n<\/li>\n<li>Ganar espacios de estacionamiento, especialmente en los barrios de Can Ros y Vila Vella<\/li>\n<li>Mejorar el mantenimiento del espacio p\u00fablico y las zonas de juegos infantiles<\/li>\n<li>Impulsar una amable ciudad en todos sus \u00e1mbitos.<\/li>\n<li>Hacer de San Vicente un lugar para trabajar, vivir y disfrutar.<\/li>\n<li>Desarrollar todos los espacios de Sant Vicen\u00e7 para optimizar todas las necesidades del vecindario en cada momento.<\/li>\n<li>Transformar y mejorar el tejido urbano existente.<\/li>\n<li>Incluir el concepto de transformaci\u00f3n y renovaci\u00f3n urbana como forma de desarrollo a trav\u00e9s de la Agenda Urbana Espa\u00f1ola mediante la Mesa San Vicente 2030.<\/li>\n<li>Promover y fomentar la dinamizaci\u00f3n de la actividad empresarial.<\/li>\n<li>Ayudar a la competitividad de nuestros agentes econ\u00f3micos.<\/li>\n<li>Fomentar el uso de los espacios de ocio como el r\u00edo o la zona de monta\u00f1a.<\/li>\n<li>Potenciar acciones concretas y transversales para hacer de los espacios p\u00fablicos compartidos escenarios de relaci\u00f3n y ocio.<\/li>\n<li>Hacer un estudio para redise\u00f1ar el espacio p\u00fablico del entorno escolar para realizar un espacio m\u00e1s estimulante, seguro y jugable para los ni\u00f1os.<\/li>\n<li>Crear espacios que generen bienestar de vida en la ciudadan\u00eda.<\/li>\n<li>Hacer un uso racional del territorio y del medio ambiente y aunar las necesidades de crecimiento con la preservaci\u00f3n de los recursos naturales.<\/li>\n<li>Preservar los valores hist\u00f3ricos, culturales, paisaj\u00edsticos.<\/li>\n<li>Dar el servicio adecuado para mantener las \u00f3ptimas condiciones de los espacios y equipamientos.<\/li>\n<li>Garantizar el derecho a la vivienda. Garantizaremos el acceso a una vivienda de emergencia en caso de necesidad<\/li>\n<li>Ampliaci\u00f3n de la bolsa de vivienda municipal<\/li>\n<li>Continuaremos con los tr\u00e1mites para hacer posible la construcci\u00f3n de 400 viviendas protegidas en los pr\u00f3ximos a\u00f1os.<\/li>\n<li>Maximizar el modelo de polic\u00eda de proximidad.<\/li>\n<li>Reforzar la educaci\u00f3n vial en las escuelas.<\/li>\n<li>Mantener al 100% de la plantilla de la polic\u00eda local.<\/li>\n<li>Mejorar la App seguridad por el comercio local y la ciudadan\u00eda.<\/li>\n<li>Realizar acciones integrales para mejorar la urbanizaci\u00f3n de las calles.<\/li>\n<li>Ensanchar las aceras donde sea posible y desarrollar el plan de accesibilidad<\/li>\n<li>Continuar con las labores de mejora del espacio p\u00fablico en las zonas m\u00e1s complicadas del municipio.<\/li>\n<li>Generar estacionamiento en las zonas de Vila Vella y Can Ros.<\/li>\n<li>Formar a las personas mayores en labores de riesgos y prevenci\u00f3n en su movilidad.<\/li>\n<li>Llevar a cabo una intervenci\u00f3n integral para sacar palos de servicios de las aceras.<\/li>\n<\/ol>\n<p>[\/vc_column_text][\/vc_column][\/vc_row][vc_row bg_type=\u00bbbg_color\u00bb bg_override=\u00bbex-full\u00bb bg_color_value=\u00bb#f5f5f5&#8243; css=\u00bb.vc_custom_1680527628647{padding-top: 30px !important;}\u00bb][vc_column width=\u00bb1\/5&#8243; css=\u00bb.vc_custom_1676848180201{margin-bottom: 30px !important;}\u00bb][dt_default_button link=\u00bburl:https%3A%2F%2Fmiguelcomino.cat%2Fes%2Fprograma%2Fciudad-amable-y-segura-para-las-personas%2F|title:Ciudad%20amable\u00bb size=\u00bbcustom\u00bb button_alignment=\u00bbbtn_center\u00bb font_size=\u00bb16px\u00bb icon_size=\u00bb21px\u00bb button_padding=\u00bb18px 10px 18px 10px\u00bb border_width=\u00bb3px\u00bb border_radius=\u00bb0px\u00bb text_color=\u00bb#ff020f\u00bb default_btn_border_color=\u00bb#ff020f\u00bb default_btn_bg=\u00bbn\u00bb text_hover_color=\u00bb#81018b\u00bb default_btn_border_hover_color=\u00bb#81018b\u00bb bg_hover_color=\u00bb#ffffff\u00bb icon_type=\u00bbpicker\u00bb icon_picker=\u00bbDefaults-heart\u00bb icon_gap=\u00bb15px\u00bb icon_align=\u00bbright\u00bb]Ciudad amable[\/dt_default_button][\/vc_column][vc_column width=\u00bb1\/5&#8243; css=\u00bb.vc_custom_1676848049387{margin-bottom: 30px !important;}\u00bb][dt_default_button link=\u00bburl:https%3A%2F%2Fmiguelcomino.cat%2Fes%2Fprograma%2Fciudad-moderna-de-progreso-y-participativa%2F|title:Ciudad%20moderna\u00bb size=\u00bbcustom\u00bb button_alignment=\u00bbbtn_center\u00bb font_size=\u00bb16px\u00bb icon_size=\u00bb21px\u00bb button_padding=\u00bb18px 10px 18px 10px\u00bb border_width=\u00bb3px\u00bb border_radius=\u00bb0px\u00bb text_color=\u00bb#ff020f\u00bb default_btn_border_color=\u00bb#ff020f\u00bb default_btn_bg=\u00bbn\u00bb text_hover_color=\u00bb#81018b\u00bb default_btn_border_hover_color=\u00bb#81018b\u00bb bg_hover_color=\u00bb#ffffff\u00bb icon_type=\u00bbpicker\u00bb icon_picker=\u00bbDefaults-heart\u00bb icon_gap=\u00bb15px\u00bb icon_align=\u00bbright\u00bb]Ciudad moderna[\/dt_default_button][\/vc_column][vc_column width=\u00bb1\/5&#8243; css=\u00bb.vc_custom_1676848066160{margin-bottom: 30px !important;}\u00bb][dt_default_button link=\u00bburl:https%3A%2F%2Fmiguelcomino.cat%2Fes%2Fprograma%2Fciudad-orgullosa-y-con-memoria%2F|title:Ciudad%20orgullosa\u00bb size=\u00bbcustom\u00bb button_alignment=\u00bbbtn_center\u00bb font_size=\u00bb16px\u00bb icon_size=\u00bb21px\u00bb button_padding=\u00bb18px 10px 18px 10px\u00bb border_width=\u00bb3px\u00bb border_radius=\u00bb0px\u00bb text_color=\u00bb#ff020f\u00bb default_btn_border_color=\u00bb#ff020f\u00bb default_btn_bg=\u00bbn\u00bb text_hover_color=\u00bb#81018b\u00bb default_btn_border_hover_color=\u00bb#81018b\u00bb bg_hover_color=\u00bb#ffffff\u00bb icon_type=\u00bbpicker\u00bb icon_picker=\u00bbDefaults-heart\u00bb icon_gap=\u00bb15px\u00bb icon_align=\u00bbright\u00bb]Ciudad orgullosa[\/dt_default_button][\/vc_column][vc_column width=\u00bb1\/5&#8243; css=\u00bb.vc_custom_1676848083490{margin-bottom: 30px !important;}\u00bb][dt_default_button link=\u00bburl:https%3A%2F%2Fmiguelcomino.cat%2Fes%2Fprograma%2Fciudad-social-y-por-la-igualdad-de-oportunidades%2F|title:Ciudad%20social\u00bb size=\u00bbcustom\u00bb button_alignment=\u00bbbtn_center\u00bb font_size=\u00bb16px\u00bb icon_size=\u00bb21px\u00bb button_padding=\u00bb18px 10px 18px 10px\u00bb border_width=\u00bb3px\u00bb border_radius=\u00bb0px\u00bb text_color=\u00bb#ff020f\u00bb default_btn_border_color=\u00bb#ff020f\u00bb default_btn_bg=\u00bbn\u00bb text_hover_color=\u00bb#81018b\u00bb default_btn_border_hover_color=\u00bb#81018b\u00bb bg_hover_color=\u00bb#ffffff\u00bb icon_type=\u00bbpicker\u00bb icon_picker=\u00bbDefaults-heart\u00bb icon_gap=\u00bb15px\u00bb icon_align=\u00bbright\u00bb]Ciudad social[\/dt_default_button][\/vc_column][vc_column width=\u00bb1\/5&#8243; css=\u00bb.vc_custom_1676848092100{margin-bottom: 30px !important;}\u00bb][dt_default_button link=\u00bburl:https%3A%2F%2Fmiguelcomino.cat%2Fes%2Fprograma%2Fciudad-sostenible-y-comprometida-con-el-medio-ambiente%2F|title:Ciudad%20sostenible\u00bb size=\u00bbcustom\u00bb button_alignment=\u00bbbtn_center\u00bb font_size=\u00bb16px\u00bb icon_size=\u00bb21px\u00bb button_padding=\u00bb18px 10px 18px 10px\u00bb border_width=\u00bb3px\u00bb border_radius=\u00bb0px\u00bb text_color=\u00bb#ff020f\u00bb default_btn_border_color=\u00bb#ff020f\u00bb default_btn_bg=\u00bbn\u00bb text_hover_color=\u00bb#81018b\u00bb default_btn_border_hover_color=\u00bb#81018b\u00bb bg_hover_color=\u00bb#ffffff\u00bb icon_type=\u00bbpicker\u00bb icon_picker=\u00bbDefaults-heart\u00bb icon_gap=\u00bb15px\u00bb icon_align=\u00bbright\u00bb]Ciudad sostenible[\/dt_default_button][\/vc_column][\/vc_row]<\/p>\n<\/div>","protected":false},"excerpt":{"rendered":"<p>[vc_row full_width=\u00bbstretch_row\u00bb gap=\u00bb30&#8243; full_height=\u00bbyes\u00bb equal_height=\u00bbyes\u00bb css=\u00bb.vc_custom_1676849618948{margin-top: 60px !important;}\u00bb][vc_column width=\u00bb1\/2&#8243; offset=\u00bbvc_col-lg-6 vc_col-md-6 vc_col-xs-12&#8243; css=\u00bb.vc_custom_1579947684213{padding-bottom: 30px !important;}\u00bb][vc_column_text css=\u00bb.vc_custom_1684235118794{padding-bottom: 25px !important;}\u00bb] Ejecutar el plan de asfaltado de calles y de mejora de la accesibilidad en la v\u00eda p\u00fablica con aplicaci\u00f3n en todos los barrios de Sant Vicen\u00e7 Reurbanizaci\u00f3n de las calles Montjuic y Coru\u00f1a Redactar el proyecto ejecutivo [&hellip;]<\/p>\n","protected":false},"author":1,"featured_media":0,"parent":797,"menu_order":16,"comment_status":"closed","ping_status":"closed","template":"","meta":{"footnotes":""},"class_list":["post-90","page","type-page","status-publish","hentry"],"yoast_head":"<!-- This site is optimized with the Yoast SEO plugin v24.6 - https:\/\/yoast.com\/wordpress\/plugins\/seo\/ -->\n<title>Ciudad amable y segura, para las personas - Miguel Comino<\/title>\n<meta name=\"robots\" content=\"index, follow, max-snippet:-1, max-image-preview:large, max-video-preview:-1\" \/>\n<link rel=\"canonical\" href=\"https:\/\/miguelcomino.cat\/es\/programa\/ciudad-amable-y-segura-para-las-personas\/\" \/>\n<meta property=\"og:locale\" content=\"es_ES\" \/>\n<meta property=\"og:type\" content=\"article\" \/>\n<meta property=\"og:title\" content=\"Ciudad amable y segura, para las personas - Miguel Comino\" \/>\n<meta property=\"og:description\" content=\"[vc_row full_width=\u00bbstretch_row\u00bb gap=\u00bb30&#8243; full_height=\u00bbyes\u00bb equal_height=\u00bbyes\u00bb css=\u00bb.vc_custom_1676849618948{margin-top: 60px !important;}\u00bb][vc_column width=\u00bb1\/2&#8243; offset=\u00bbvc_col-lg-6 vc_col-md-6 vc_col-xs-12&#8243; css=\u00bb.vc_custom_1579947684213{padding-bottom: 30px !important;}\u00bb][vc_column_text css=\u00bb.vc_custom_1684235118794{padding-bottom: 25px !important;}\u00bb] Ejecutar el plan de asfaltado de calles y de mejora de la accesibilidad en la v\u00eda p\u00fablica con aplicaci\u00f3n en todos los barrios de Sant Vicen\u00e7 Reurbanizaci\u00f3n de las calles Montjuic y Coru\u00f1a Redactar el proyecto ejecutivo [&hellip;]\" \/>\n<meta property=\"og:url\" content=\"https:\/\/miguelcomino.cat\/es\/programa\/ciudad-amable-y-segura-para-las-personas\/\" \/>\n<meta property=\"og:site_name\" content=\"Miguel Comino\" \/>\n<meta property=\"article:publisher\" content=\"https:\/\/www.facebook.com\/miguel.comino\/about\" \/>\n<meta property=\"article:modified_time\" content=\"2023-05-16T11:05:21+00:00\" \/>\n<meta name=\"twitter:card\" content=\"summary_large_image\" \/>\n<meta name=\"twitter:label1\" content=\"Tiempo de lectura\" \/>\n\t<meta name=\"twitter:data1\" content=\"4 minutos\" \/>\n<script type=\"application\/ld+json\" class=\"yoast-schema-graph\">{\"@context\":\"https:\/\/schema.org\",\"@graph\":[{\"@type\":\"WebPage\",\"@id\":\"https:\/\/miguelcomino.cat\/es\/programa\/ciudad-amable-y-segura-para-las-personas\/\",\"url\":\"https:\/\/miguelcomino.cat\/es\/programa\/ciudad-amable-y-segura-para-las-personas\/\",\"name\":\"Ciudad amable y segura, para las personas - Miguel Comino\",\"isPartOf\":{\"@id\":\"https:\/\/miguelcomino.cat\/es\/#website\"},\"datePublished\":\"2019-12-14T13:22:00+00:00\",\"dateModified\":\"2023-05-16T11:05:21+00:00\",\"breadcrumb\":{\"@id\":\"https:\/\/miguelcomino.cat\/es\/programa\/ciudad-amable-y-segura-para-las-personas\/#breadcrumb\"},\"inLanguage\":\"es\",\"potentialAction\":[{\"@type\":\"ReadAction\",\"target\":[\"https:\/\/miguelcomino.cat\/es\/programa\/ciudad-amable-y-segura-para-las-personas\/\"]}]},{\"@type\":\"BreadcrumbList\",\"@id\":\"https:\/\/miguelcomino.cat\/es\/programa\/ciudad-amable-y-segura-para-las-personas\/#breadcrumb\",\"itemListElement\":[{\"@type\":\"ListItem\",\"position\":1,\"name\":\"Portada\",\"item\":\"https:\/\/miguelcomino.cat\/es\/\"},{\"@type\":\"ListItem\",\"position\":2,\"name\":\"Programa\",\"item\":\"https:\/\/miguelcomino.cat\/es\/programa\/\"},{\"@type\":\"ListItem\",\"position\":3,\"name\":\"Ciudad amable y segura, para las personas\"}]},{\"@type\":\"WebSite\",\"@id\":\"https:\/\/miguelcomino.cat\/es\/#website\",\"url\":\"https:\/\/miguelcomino.cat\/es\/\",\"name\":\"Miguel Comino\",\"description\":\"Alcalde\",\"publisher\":{\"@id\":\"https:\/\/miguelcomino.cat\/es\/#\/schema\/person\/4ecf1a3fec86aedb7db8e31067c9ffaf\"},\"potentialAction\":[{\"@type\":\"SearchAction\",\"target\":{\"@type\":\"EntryPoint\",\"urlTemplate\":\"https:\/\/miguelcomino.cat\/es\/?s={search_term_string}\"},\"query-input\":{\"@type\":\"PropertyValueSpecification\",\"valueRequired\":true,\"valueName\":\"search_term_string\"}}],\"inLanguage\":\"es\"},{\"@type\":[\"Person\",\"Organization\"],\"@id\":\"https:\/\/miguelcomino.cat\/es\/#\/schema\/person\/4ecf1a3fec86aedb7db8e31067c9ffaf\",\"name\":\"Miguel Comino\",\"image\":{\"@type\":\"ImageObject\",\"inLanguage\":\"es\",\"@id\":\"https:\/\/miguelcomino.cat\/es\/#\/schema\/person\/image\/\",\"url\":\"https:\/\/miguelcomino.cat\/wp-content\/uploads\/2023\/05\/003.png\",\"contentUrl\":\"https:\/\/miguelcomino.cat\/wp-content\/uploads\/2023\/05\/003.png\",\"width\":922,\"height\":572,\"caption\":\"Miguel Comino\"},\"logo\":{\"@id\":\"https:\/\/miguelcomino.cat\/es\/#\/schema\/person\/image\/\"},\"sameAs\":[\"https:\/\/www.facebook.com\/miguel.comino\/about\",\"https:\/\/www.instagram.com\/miguelcomino\/\"]}]}<\/script>\n<!-- \/ Yoast SEO plugin. -->","yoast_head_json":{"title":"Ciudad amable y segura, para las personas - Miguel Comino","robots":{"index":"index","follow":"follow","max-snippet":"max-snippet:-1","max-image-preview":"max-image-preview:large","max-video-preview":"max-video-preview:-1"},"canonical":"https:\/\/miguelcomino.cat\/es\/programa\/ciudad-amable-y-segura-para-las-personas\/","og_locale":"es_ES","og_type":"article","og_title":"Ciudad amable y segura, para las personas - Miguel Comino","og_description":"[vc_row full_width=\u00bbstretch_row\u00bb gap=\u00bb30&#8243; full_height=\u00bbyes\u00bb equal_height=\u00bbyes\u00bb css=\u00bb.vc_custom_1676849618948{margin-top: 60px !important;}\u00bb][vc_column width=\u00bb1\/2&#8243; offset=\u00bbvc_col-lg-6 vc_col-md-6 vc_col-xs-12&#8243; css=\u00bb.vc_custom_1579947684213{padding-bottom: 30px !important;}\u00bb][vc_column_text css=\u00bb.vc_custom_1684235118794{padding-bottom: 25px !important;}\u00bb] Ejecutar el plan de asfaltado de calles y de mejora de la accesibilidad en la v\u00eda p\u00fablica con aplicaci\u00f3n en todos los barrios de Sant Vicen\u00e7 Reurbanizaci\u00f3n de las calles Montjuic y Coru\u00f1a Redactar el proyecto ejecutivo [&hellip;]","og_url":"https:\/\/miguelcomino.cat\/es\/programa\/ciudad-amable-y-segura-para-las-personas\/","og_site_name":"Miguel Comino","article_publisher":"https:\/\/www.facebook.com\/miguel.comino\/about","article_modified_time":"2023-05-16T11:05:21+00:00","twitter_card":"summary_large_image","twitter_misc":{"Tiempo de lectura":"4 minutos"},"schema":{"@context":"https:\/\/schema.org","@graph":[{"@type":"WebPage","@id":"https:\/\/miguelcomino.cat\/es\/programa\/ciudad-amable-y-segura-para-las-personas\/","url":"https:\/\/miguelcomino.cat\/es\/programa\/ciudad-amable-y-segura-para-las-personas\/","name":"Ciudad amable y segura, para las personas - Miguel Comino","isPartOf":{"@id":"https:\/\/miguelcomino.cat\/es\/#website"},"datePublished":"2019-12-14T13:22:00+00:00","dateModified":"2023-05-16T11:05:21+00:00","breadcrumb":{"@id":"https:\/\/miguelcomino.cat\/es\/programa\/ciudad-amable-y-segura-para-las-personas\/#breadcrumb"},"inLanguage":"es","potentialAction":[{"@type":"ReadAction","target":["https:\/\/miguelcomino.cat\/es\/programa\/ciudad-amable-y-segura-para-las-personas\/"]}]},{"@type":"BreadcrumbList","@id":"https:\/\/miguelcomino.cat\/es\/programa\/ciudad-amable-y-segura-para-las-personas\/#breadcrumb","itemListElement":[{"@type":"ListItem","position":1,"name":"Portada","item":"https:\/\/miguelcomino.cat\/es\/"},{"@type":"ListItem","position":2,"name":"Programa","item":"https:\/\/miguelcomino.cat\/es\/programa\/"},{"@type":"ListItem","position":3,"name":"Ciudad amable y segura, para las personas"}]},{"@type":"WebSite","@id":"https:\/\/miguelcomino.cat\/es\/#website","url":"https:\/\/miguelcomino.cat\/es\/","name":"Miguel Comino","description":"Alcalde","publisher":{"@id":"https:\/\/miguelcomino.cat\/es\/#\/schema\/person\/4ecf1a3fec86aedb7db8e31067c9ffaf"},"potentialAction":[{"@type":"SearchAction","target":{"@type":"EntryPoint","urlTemplate":"https:\/\/miguelcomino.cat\/es\/?s={search_term_string}"},"query-input":{"@type":"PropertyValueSpecification","valueRequired":true,"valueName":"search_term_string"}}],"inLanguage":"es"},{"@type":["Person","Organization"],"@id":"https:\/\/miguelcomino.cat\/es\/#\/schema\/person\/4ecf1a3fec86aedb7db8e31067c9ffaf","name":"Miguel Comino","image":{"@type":"ImageObject","inLanguage":"es","@id":"https:\/\/miguelcomino.cat\/es\/#\/schema\/person\/image\/","url":"https:\/\/miguelcomino.cat\/wp-content\/uploads\/2023\/05\/003.png","contentUrl":"https:\/\/miguelcomino.cat\/wp-content\/uploads\/2023\/05\/003.png","width":922,"height":572,"caption":"Miguel Comino"},"logo":{"@id":"https:\/\/miguelcomino.cat\/es\/#\/schema\/person\/image\/"},"sameAs":["https:\/\/www.facebook.com\/miguel.comino\/about","https:\/\/www.instagram.com\/miguelcomino\/"]}]}},"_links":{"self":[{"href":"https:\/\/miguelcomino.cat\/es\/wp-json\/wp\/v2\/pages\/90","targetHints":{"allow":["GET"]}}],"collection":[{"href":"https:\/\/miguelcomino.cat\/es\/wp-json\/wp\/v2\/pages"}],"about":[{"href":"https:\/\/miguelcomino.cat\/es\/wp-json\/wp\/v2\/types\/page"}],"author":[{"embeddable":true,"href":"https:\/\/miguelcomino.cat\/es\/wp-json\/wp\/v2\/users\/1"}],"replies":[{"embeddable":true,"href":"https:\/\/miguelcomino.cat\/es\/wp-json\/wp\/v2\/comments?post=90"}],"version-history":[{"count":36,"href":"https:\/\/miguelcomino.cat\/es\/wp-json\/wp\/v2\/pages\/90\/revisions"}],"predecessor-version":[{"id":4290,"href":"https:\/\/miguelcomino.cat\/es\/wp-json\/wp\/v2\/pages\/90\/revisions\/4290"}],"up":[{"embeddable":true,"href":"https:\/\/miguelcomino.cat\/es\/wp-json\/wp\/v2\/pages\/797"}],"wp:attachment":[{"href":"https:\/\/miguelcomino.cat\/es\/wp-json\/wp\/v2\/media?parent=90"}],"curies":[{"name":"wp","href":"https:\/\/api.w.org\/{rel}","templated":true}]}}